{"id":1819,"date":"2024-06-17T07:46:22","date_gmt":"2024-06-17T07:46:22","guid":{"rendered":"https:\/\/2025.medicinafunctionala.ro\/informatii\/despre-noi-2\/"},"modified":"2025-05-18T13:00:12","modified_gmt":"2025-05-18T13:00:12","slug":"despre-noi","status":"publish","type":"page","link":"https:\/\/medicinafunctionala.ro\/en\/informatii\/despre-noi\/","title":{"rendered":"Despre noi"},"content":{"rendered":"\n<div\n        class=\"ff-content-element-course-header position-relative pt-10 alignfull bg-dark \"\n        id=\"\"\n>\n    <div class=\"bg logo-pattern logo-pattern-white-mild parallax-bg\" role=\"presentation\"><\/div>\n\n    <div class=\"container-wide position-relative z-1\">\n\n        <div class=\"inner-blocks p-3 p-md-5 bg-white\">\n            <div id='ff-portal' template=\"[[&quot;core\\\/heading&quot;,{&quot;placeholder&quot;:&quot;Lorem ipsum&quot;,&quot;level&quot;:3}],[&quot;core\\\/paragraph&quot;,{&quot;placeholder&quot;:&quot;Lorem ipsum&quot;}]]\" templateLock=\"&quot;all&quot;\"><\/div>        <\/div>\n\n        <div class=\"row image-row\">\n            <div class=\"col-md-4\">\n            <\/div>\n            <div class=\"col-md-8 p-0\">\n                                    <img decoding=\"async\" class=\"block-image img-fluid\" src=\"https:\/\/medicinafunctionala.ro\/wp-content\/uploads\/2024\/06\/iStock-1180279584.jpg\"\n                         alt=\"\">\n                            <\/div>\n        <\/div>\n    <\/div>\n    <div class=\"after\" role=\"presentation\"><\/div>\n<\/div>\n\n\n\n<div class=\"wp-block-group alignfull is-style-top-home is-layout-constrained wp-block-group-is-layout-constrained\">\n<div class=\"wp-block-group has-white-background-color has-background is-layout-constrained wp-block-group-is-layout-constrained\">\n<p class=\"has-dark-color has-text-color has-link-color wp-elements-e3b2351b2539f6b65820678c7d878ce1\">Fiind prima organiza\u0163ie care ofer\u0103 simpozioane de medicin\u0103 func\u0163ional\u0103 \u0219i a mediului \u00een Rom\u00e2nia, ne angaj\u0103m s\u0103 promov\u0103m o abordare holistic\u0103 \u0219i orientat\u0103 spre preven\u0163ie \u00een domeniul s\u0103n\u0103t\u0103\u0163ii. Misiunea noastr\u0103 este s\u0103 educ\u0103m \u0219i s\u0103 inspir\u0103m cadrele medicale s\u0103 adopte o perspectiv\u0103 mai ampl\u0103 asupra s\u0103n\u0103t\u0103\u0163ii \u0219i s\u0103 ofere o \u00eengrijire mai eficient\u0103 \u0219i mai uman\u0103.<\/p>\n\n\n\n<p class=\"has-dark-color has-text-color has-link-color wp-elements-5b43c39362082f43438eb687bca0b903\">La Centrul nostru de Formare, ne str\u0103duim s\u0103 fim punctul de referin\u0163\u0103 \u00een furnizarea de programe educa\u0163ionale de \u00eenalt\u0103 calitate, adaptate la nevoile \u0219i cerin\u0163ele profesioni\u0219tilor din domeniul s\u0103n\u0103t\u0103\u0163ii. Cu experien\u0163\u0103 \u0219i expertiz\u0103 \u00een domeniul medicinei func\u0163ionale \u0219i a mediului, ne-am propus s\u0103 v\u0103 ghid\u0103m \u00een c\u0103l\u0103toria dumneavoastr\u0103 spre o practic\u0103 medical\u0103 mai avansat\u0103 \u0219i mai profund\u0103.<\/p>\n\n\n\n<div style=\"height:25px\" aria-hidden=\"true\" class=\"wp-block-spacer\"><\/div>\n\n\n\n<div class=\"wp-block-columns is-layout-flex wp-container-core-columns-is-layout-28f84493 wp-block-columns-is-layout-flex\">\n<div class=\"wp-block-column is-layout-flow wp-block-column-is-layout-flow\">\n<figure class=\"wp-block-image aligncenter size-full\"><img loading=\"lazy\" decoding=\"async\" width=\"768\" height=\"1024\" src=\"https:\/\/medicinafunctionala.ro\/wp-content\/uploads\/2024\/06\/WhatsApp-Bild-2024-06-14-um-15.03.10_443f1de6.jpg\" alt=\"Dr. Robert Barring: Deschiz\u0103torul Drumului pentru Medicina Func\u0163ional\u0103 \u00een Europa\" class=\"wp-image-196\" style=\"object-fit:cover\" srcset=\"https:\/\/medicinafunctionala.ro\/wp-content\/uploads\/2024\/06\/WhatsApp-Bild-2024-06-14-um-15.03.10_443f1de6.jpg 768w, https:\/\/medicinafunctionala.ro\/wp-content\/uploads\/2024\/06\/WhatsApp-Bild-2024-06-14-um-15.03.10_443f1de6-600x800.jpg 600w, https:\/\/medicinafunctionala.ro\/wp-content\/uploads\/2024\/06\/WhatsApp-Bild-2024-06-14-um-15.03.10_443f1de6-225x300.jpg 225w, https:\/\/medicinafunctionala.ro\/wp-content\/uploads\/2024\/06\/WhatsApp-Bild-2024-06-14-um-15.03.10_443f1de6-30x40.jpg 30w\" sizes=\"auto, (max-width: 768px) 100vw, 768px\" \/><\/figure>\n<\/div>\n\n\n\n<div class=\"wp-block-column is-layout-flow wp-block-column-is-layout-flow\">\n<h4 class=\"wp-block-heading has-dark-color has-text-color has-link-color wp-elements-2151f0e5e888a3d5ab0f4bc501d9cccc\">Dr. Robert Barring<br>Deschiz\u0103torul Drumului pentru Medicina Func\u0163ional\u0103 \u00een Europa<\/h4>\n\n\n\n<p class=\"has-dark-color has-text-color has-link-color wp-elements-b78be44a034719d4d1002498b88b7745\">Dr. Robert Barring, medic specialist de medicin\u0103 general\u0103 cu o vast\u0103 experien\u0163\u0103 \u00een terapie intensiv\u0103 \u0219i pediatrie, se num\u0103r\u0103 printre cei mai eminen\u0163i lideri \u00een domeniul medicinei func\u0163ionale din Europa. Recunoscut pentru promovarea unei abord\u0103ri holistice \u0219i personalizate \u00een \u00eengrijirea s\u0103n\u0103t\u0103\u0163ii, el a revolu\u0163ionat perspectiva asupra s\u0103n\u0103t\u0103\u0163ii prin integrarea cercet\u0103rii avansate \u0219i a practicii clinice. Cu o carier\u0103 dedicat\u0103 inova\u0163iei \u0219i excelen\u0163ei, Dr. Barring a influen\u0163at profund evolu\u0163ia medicinei func\u0163ionale pe continentul european. Contribu\u0163iile sale de nepre\u0163uit continu\u0103 s\u0103 inspire \u0219i s\u0103 \u00eendrume profesioni\u0219tii din domeniul s\u0103n\u0103t\u0103\u0163ii c\u0103tre o \u00eengrijire a pacien\u0163ilor mai cuprinz\u0103toare \u0219i mai eficient\u0103, stabilind noi standarde de excelen\u0163\u0103 \u00een acest domeniu.<\/p>\n\n\n\n<p class=\"has-dark-color has-text-color has-link-color wp-elements-c4e4e7cfa6b1216231fe0fc70295fbf3\">Suntem m\u00e2ndri s\u0103 facem parte din Institutul de Medicin\u0103 Func\u0163ional\u0103 \u0219i a Stresului din Germania, o institu\u0163ie de prestigiu recunoscut\u0103 pentru excelen\u0163a sa \u00een cercetare \u0219i practic\u0103 medical\u0103 condus de c\u0103tre Robert Barring. Aceast\u0103 colaborare ne ofer\u0103 acces privilegiat la cele mai noi cercet\u0103ri \u0219i practici \u00een domeniul medicinei func\u0163ionale \u0219i a mediului, \u00eembog\u0103\u0163indu-ne expertiza \u0219i contribuind la dezvoltarea continu\u0103 a abord\u0103rii noastre integrate \u00een \u00eengrijirea s\u0103n\u0103t\u0103\u0163ii.<\/p>\n\n\n\n<div style=\"height:25px\" aria-hidden=\"true\" class=\"wp-block-spacer my-0\"><\/div>\n\n\n\n<figure class=\"wp-block-image size-full is-resized my-0\"><a href=\"https:\/\/funktionellemedizin.com\/\" target=\"_blank\" rel=\"noreferrer noopener\"><img loading=\"lazy\" decoding=\"async\" width=\"824\" height=\"425\" src=\"https:\/\/medicinafunctionala.ro\/wp-content\/uploads\/2024\/06\/logo-ifms.png\" alt=\"\" class=\"wp-image-279\" style=\"width:200px\" srcset=\"https:\/\/medicinafunctionala.ro\/wp-content\/uploads\/2024\/06\/logo-ifms.png 824w, https:\/\/medicinafunctionala.ro\/wp-content\/uploads\/2024\/06\/logo-ifms-600x309.png 600w, https:\/\/medicinafunctionala.ro\/wp-content\/uploads\/2024\/06\/logo-ifms-300x155.png 300w, https:\/\/medicinafunctionala.ro\/wp-content\/uploads\/2024\/06\/logo-ifms-768x396.png 768w, https:\/\/medicinafunctionala.ro\/wp-content\/uploads\/2024\/06\/logo-ifms-40x21.png 40w\" sizes=\"auto, (max-width: 824px) 100vw, 824px\" \/><\/a><\/figure>\n<\/div>\n<\/div>\n<\/div>\n<\/div>\n\n\n\n<div class=\"wp-block-group alignfull is-style-top-home is-layout-constrained wp-block-group-is-layout-constrained\">\n<div class=\"wp-block-group is-style-default has-white-background-color has-background is-layout-constrained wp-block-group-is-layout-constrained\" style=\"margin-top:0;margin-bottom:0\">\n<div class=\"wp-block-columns d-flex flex-column-reverse flex-md-row is-layout-flex wp-container-core-columns-is-layout-28f84493 wp-block-columns-is-layout-flex\">\n<div class=\"wp-block-column is-layout-flow wp-block-column-is-layout-flow\">\n<h4 class=\"wp-block-heading has-dark-color has-text-color has-link-color wp-elements-40b3b7fe44201bad66fe145a501ff433\">Dr. Julia Ferencz:<br>\u00cembin\u00e2nd Medicina cu Pasiunea pentru Tehnologie<\/h4>\n\n\n\n<p class=\"has-dark-color has-text-color has-link-color wp-elements-f528d8249eee0757ac7e999fbd26f538\">Dr. Julia Ferencz este medic specialist \u00een anestezie \u0219i terapie intensiv\u0103, dar \u0219i o entuziast\u0103 a tehnologiei \u0219i inov\u0103rii \u00een practica medicala, inclusiv dezvoltarea \u0219i implementarea numeroaselor aplica\u0163ii software dedicate spitalelor. Cu o carier\u0103 de peste 20 de ani \u00een cercetarea, inovarea \u0219i certificarea oncologic\u0103, a descoperit c\u0103 pasiunea sa pentru a ajuta oamenii se \u00eembin\u0103 perfect cu interesul s\u0103u pentru tehnologie \u0219i progres medical.<\/p>\n\n\n\n<p class=\"has-dark-color has-text-color has-link-color wp-elements-c019a2e6d62ce6fbf77c10888de8c7eb\">\u00cen plus fa\u0163\u0103 de medicin\u0103, aceasta a fost \u00eentotdeauna atras\u0103 \u0219i de latura uman\u0103 a tratamentului medical. \u00cei place s\u0103 vad\u0103 cum tehnologia \u0219i empatia se \u00eentrep\u0103trund pentru a oferi \u00eengrijire de calitate \u0219i solu\u0163ii personalizate pentru fiecare pacient.<\/p>\n\n\n\n<p>Pe parcursul carierei sale, Dr. Ferencz \u0219i-a reorientat traiectoria profesional\u0103 pentru a explora o \u00eentrebare esen\u0163ial\u0103: ce factori determin\u0103 susceptibilitatea la boli pentru unii oameni, \u00een timp ce al\u0163ii \u00ee\u0219i men\u0163in s\u0103n\u0103tatea? Aceast\u0103 c\u0103utare neobosit\u0103 de r\u0103spunsuri a condus-o c\u0103tre medicina func\u0163ional\u0103, a mediului, genetic\u0103 \u0219i integrarea acestora \u00een procesele de preven\u0163ie, diagnosticare \u0219i tratament.<\/p>\n\n\n\n<p class=\"has-dark-color has-text-color has-link-color wp-elements-f9831e6e23fc4af05ea1e1dabb915904\">Pe l\u00e2ng\u0103 activitatea clinic\u0103 \u0219i cercetare, \u00eei place s\u0103 \u00eemp\u0103rt\u0103\u0219easc\u0103 cuno\u0219tin\u0163ele sale cu al\u0163ii. Prin intermediul cursurilor de medicin\u0103 func\u0163ional\u0103 \u0219i a mediului, \u00eencurajeaz\u0103 profesioni\u0219tii medicali s\u0103 exploreze noi orizonturi \u00een practica lor \u0219i s\u0103 abordeze bolile \u00eentr-un mod integrativ \u0219i personalizat.<\/p>\n\n\n\n<div style=\"height:25px\" aria-hidden=\"true\" class=\"wp-block-spacer my-0\"><\/div>\n\n\n\n<figure class=\"wp-block-image size-large is-resized my-0\"><a href=\"https:\/\/deep-diagnosis.com\/\" target=\"_blank\" rel=\" noreferrer noopener\"><img loading=\"lazy\" decoding=\"async\" width=\"1024\" height=\"364\" src=\"https:\/\/medicinafunctionala.ro\/wp-content\/uploads\/2025\/05\/RGB-logo-1024x364.png\" alt=\"\" class=\"wp-image-1929\" style=\"width:244px;height:auto\" srcset=\"https:\/\/medicinafunctionala.ro\/wp-content\/uploads\/2025\/05\/RGB-logo-1024x364.png 1024w, https:\/\/medicinafunctionala.ro\/wp-content\/uploads\/2025\/05\/RGB-logo-300x107.png 300w, https:\/\/medicinafunctionala.ro\/wp-content\/uploads\/2025\/05\/RGB-logo-768x273.png 768w, https:\/\/medicinafunctionala.ro\/wp-content\/uploads\/2025\/05\/RGB-logo-1536x546.png 1536w, https:\/\/medicinafunctionala.ro\/wp-content\/uploads\/2025\/05\/RGB-logo-2048x728.png 2048w, https:\/\/medicinafunctionala.ro\/wp-content\/uploads\/2025\/05\/RGB-logo-40x14.png 40w, https:\/\/medicinafunctionala.ro\/wp-content\/uploads\/2025\/05\/RGB-logo-1600x569.png 1600w, https:\/\/medicinafunctionala.ro\/wp-content\/uploads\/2025\/05\/RGB-logo-600x213.png 600w\" sizes=\"auto, (max-width: 1024px) 100vw, 1024px\" \/><\/a><\/figure>\n<\/div>\n\n\n\n<div class=\"wp-block-column is-layout-flow wp-block-column-is-layout-flow\">\n<figure class=\"wp-block-image size-full my-0\"><img loading=\"lazy\" decoding=\"async\" width=\"1706\" height=\"2560\" src=\"https:\/\/medicinafunctionala.ro\/wp-content\/uploads\/2024\/06\/Dr.-Julia-Ferencz-medic-specialist-anestezie-si-terapie-intensiva-scaled.jpg\" alt=\"\" class=\"wp-image-201\" style=\"object-fit:cover\" srcset=\"https:\/\/medicinafunctionala.ro\/wp-content\/uploads\/2024\/06\/Dr.-Julia-Ferencz-medic-specialist-anestezie-si-terapie-intensiva-scaled.jpg 1706w, https:\/\/medicinafunctionala.ro\/wp-content\/uploads\/2024\/06\/Dr.-Julia-Ferencz-medic-specialist-anestezie-si-terapie-intensiva-scaled-600x900.jpg 600w, https:\/\/medicinafunctionala.ro\/wp-content\/uploads\/2024\/06\/Dr.-Julia-Ferencz-medic-specialist-anestezie-si-terapie-intensiva-200x300.jpg 200w, https:\/\/medicinafunctionala.ro\/wp-content\/uploads\/2024\/06\/Dr.-Julia-Ferencz-medic-specialist-anestezie-si-terapie-intensiva-683x1024.jpg 683w, https:\/\/medicinafunctionala.ro\/wp-content\/uploads\/2024\/06\/Dr.-Julia-Ferencz-medic-specialist-anestezie-si-terapie-intensiva-768x1152.jpg 768w, https:\/\/medicinafunctionala.ro\/wp-content\/uploads\/2024\/06\/Dr.-Julia-Ferencz-medic-specialist-anestezie-si-terapie-intensiva-1024x1536.jpg 1024w, https:\/\/medicinafunctionala.ro\/wp-content\/uploads\/2024\/06\/Dr.-Julia-Ferencz-medic-specialist-anestezie-si-terapie-intensiva-1365x2048.jpg 1365w, https:\/\/medicinafunctionala.ro\/wp-content\/uploads\/2024\/06\/Dr.-Julia-Ferencz-medic-specialist-anestezie-si-terapie-intensiva-27x40.jpg 27w, https:\/\/medicinafunctionala.ro\/wp-content\/uploads\/2024\/06\/Dr.-Julia-Ferencz-medic-specialist-anestezie-si-terapie-intensiva-1067x1600.jpg 1067w\" sizes=\"auto, (max-width: 1706px) 100vw, 1706px\" \/><\/figure>\n<\/div>\n<\/div>\n<\/div>\n<\/div>\n\n\n\n<div class=\"wp-block-group alignfull is-style-top-home is-layout-constrained wp-block-group-is-layout-constrained\">\n<div class=\"wp-block-group has-white-background-color has-background is-layout-constrained wp-block-group-is-layout-constrained\">\n<div class=\"wp-block-columns d-flex flex-column-reverse flex-md-row is-layout-flex wp-container-core-columns-is-layout-28f84493 wp-block-columns-is-layout-flex\">\n<div class=\"wp-block-column is-layout-flow wp-block-column-is-layout-flow\">\n<figure class=\"wp-block-gallery has-nested-images columns-default is-cropped wp-block-gallery-1 is-layout-flex wp-block-gallery-is-layout-flex\">\n<figure class=\"wp-block-image size-full\"><img loading=\"lazy\" decoding=\"async\" width=\"500\" height=\"500\" data-id=\"1862\" src=\"https:\/\/medicinafunctionala.ro\/wp-content\/uploads\/2025\/05\/Dr.-Eckart-Schnakenberg-500x500-1.png\" alt=\"\" class=\"wp-image-1862\" style=\"object-fit:cover\" srcset=\"https:\/\/medicinafunctionala.ro\/wp-content\/uploads\/2025\/05\/Dr.-Eckart-Schnakenberg-500x500-1.png 500w, https:\/\/medicinafunctionala.ro\/wp-content\/uploads\/2025\/05\/Dr.-Eckart-Schnakenberg-500x500-1-300x300.png 300w, https:\/\/medicinafunctionala.ro\/wp-content\/uploads\/2025\/05\/Dr.-Eckart-Schnakenberg-500x500-1-150x150.png 150w, https:\/\/medicinafunctionala.ro\/wp-content\/uploads\/2025\/05\/Dr.-Eckart-Schnakenberg-500x500-1-40x40.png 40w, https:\/\/medicinafunctionala.ro\/wp-content\/uploads\/2025\/05\/Dr.-Eckart-Schnakenberg-500x500-1-100x100.png 100w\" sizes=\"auto, (max-width: 500px) 100vw, 500px\" \/><\/figure>\n<\/figure>\n\n\n\n<div style=\"height:10px\" aria-hidden=\"true\" class=\"wp-block-spacer\"><\/div>\n\n\n\n<figure class=\"wp-block-image size-full is-resized\"><a href=\"https:\/\/www.ipgd-labore.de\/\" target=\"_blank\" rel=\" noreferrer noopener\"><img loading=\"lazy\" decoding=\"async\" width=\"456\" height=\"78\" src=\"https:\/\/medicinafunctionala.ro\/wp-content\/uploads\/2025\/05\/logo-ipgd-1.png\" alt=\"\" class=\"wp-image-1870\" style=\"width:365px;height:auto\" srcset=\"https:\/\/medicinafunctionala.ro\/wp-content\/uploads\/2025\/05\/logo-ipgd-1.png 456w, https:\/\/medicinafunctionala.ro\/wp-content\/uploads\/2025\/05\/logo-ipgd-1-300x51.png 300w, https:\/\/medicinafunctionala.ro\/wp-content\/uploads\/2025\/05\/logo-ipgd-1-40x7.png 40w\" sizes=\"auto, (max-width: 456px) 100vw, 456px\" \/><\/a><\/figure>\n<\/div>\n\n\n\n<div class=\"wp-block-column is-layout-flow wp-block-column-is-layout-flow\">\n<h4 class=\"wp-block-heading has-dark-color has-text-color has-link-color wp-elements-a6e640645d089075b40304f2a4833dbe\">Dr. rer. nat. Eckart Schnakenberg:<br>Genetica \u00een slujba medicinei personalizate<\/h4>\n\n\n\n<p class=\"has-dark-color has-text-color has-link-color wp-elements-1185e0b14e22448702ab6d63ce9043ab\">Eckart Schnakenberg este directorul Institutului de Genetic\u0103 IpGD \u0219i un lider recunoscut \u00een domeniul geneticii \u0219i al medicinei func\u0163ionale. Sub conducerea sa, institutul a promovat cercet\u0103ri inovative, integr\u00e2nd genetica \u00een tratamentele personalizate. El a fost un pionier \u00een utilizarea testelor genetice pentru a adapta tratamentele \u00een func\u0163ie de profilul fiec\u0103rui pacient. Schnakenberg a studiat factorii genetici care influen\u0163eaz\u0103 s\u0103n\u0103tatea \u0219i riscurile de boli cronice, contribuind la dezvoltarea unor abord\u0103ri personalizate. \u00cen medicina func\u0163ional\u0103, el a aplicat cuno\u0219tin\u0163ele genetice pentru a aborda cauzele fundamentale ale bolilor, nu doar simptomele. <\/p>\n\n\n\n<p class=\"has-dark-color has-text-color has-link-color wp-elements-c179a81a8ae0d2d3a267e6ec55037ea2\">A fost implicat activ \u00een cercetarea bolilor autoimune \u0219i cronice, contribuind la identificarea biomarkerilor genetici care influen\u0163eaz\u0103 r\u0103spunsurile la tratamente. Schnakenberg a promovat o abordare interdisciplinar\u0103, colabor\u00e2nd cu exper\u0163i din diverse domenii pentru a dezvolta solu\u0163ii inovative. <\/p>\n\n\n\n<p class=\"has-dark-color has-text-color has-link-color wp-elements-3805c13a365418be25b35d00b7769e7c\">De asemenea, a fost dedicat educa\u0163iei medicilor, organiz\u00e2nd programe pentru a promova medicina func\u0163ional\u0103 \u0219i tratamentele personalizate. Impactul s\u0103u a fost semnificativ asupra pacien\u0163ilor, care au beneficiat de tratamente mai sigure \u0219i eficiente, adaptate nevoilor lor specifice. Prin contribu\u0163iile sale, Schnakenberg a ajutat la formarea unei noi paradigme \u00een medicina func\u0163ional\u0103, bazat\u0103 pe genetica personalizat\u0103.<\/p>\n\n\n\n<p><\/p>\n\n\n\n<p><\/p>\n<\/div>\n<\/div>\n<\/div>\n\n\n\n<div style=\"height:250px\" aria-hidden=\"true\" class=\"wp-block-spacer\"><\/div>\n<\/div>\n\n\n\n<div\n        class=\"ff-content-element-light position-relative pt-10 alignfull \"\n        id=\"\"\n>\n    <div class=\"bg logo-pattern logo-pattern-white parallax-bg\" role=\"presentation\"><\/div>\n\n    <div class=\"container-wide\">\n\n        <div class=\"container\">\n            <h2 class=\"big-ass\">\n                <strong>\n                    Parteneri                <\/strong>\n            <\/h2>\n        <\/div>\n\n        <div class=\"container\">\n            <div class=\"row\">\n                <div class=\"col-md-7\">\n                <\/div>\n                <div class=\"col-md-5\">\n                    <div class=\"inner-blocks\">\n                        <div id='ff-portal' template=\"[[&quot;core\\\/heading&quot;,{&quot;placeholder&quot;:&quot;Lorem ipsum&quot;,&quot;level&quot;:3}],[&quot;core\\\/paragraph&quot;,{&quot;placeholder&quot;:&quot;Lorem ipsum&quot;}]]\" templateLock=\"&quot;all&quot;\"><\/div>                    <\/div>\n                <\/div>\n            <\/div>\n        <\/div>\n\n        <div class=\"row\">\n            <div class=\"col-md-8 p-0\">\n                                    <img decoding=\"async\" class=\"block-image img-fluid\" src=\"https:\/\/medicinafunctionala.ro\/wp-content\/uploads\/2024\/06\/home.jpg\"\n                         alt=\"\">\n                            <\/div>\n            <div class=\"col-md-4\">\n            <\/div>\n        <\/div>\n    <\/div>\n    <div class=\"after\" role=\"presentation\"><\/div>\n<\/div>\n\n\n\n<div\n        class=\"ff-content-element-course-header position-relative pt-10 alignfull bg-dark \"\n        id=\"\"\n>\n    <div class=\"bg logo-pattern logo-pattern-white-mild parallax-bg\" role=\"presentation\"><\/div>\n\n    <div class=\"container-wide position-relative z-1\">\n\n        <div class=\"inner-blocks p-3 p-md-5 bg-white\">\n            <div id='ff-portal' template=\"[[&quot;core\\\/heading&quot;,{&quot;placeholder&quot;:&quot;Lorem ipsum&quot;,&quot;level&quot;:3}],[&quot;core\\\/paragraph&quot;,{&quot;placeholder&quot;:&quot;Lorem ipsum&quot;}]]\" templateLock=\"&quot;all&quot;\"><\/div>        <\/div>\n\n        <div class=\"row image-row\">\n            <div class=\"col-md-4\">\n            <\/div>\n            <div class=\"col-md-8 p-0\">\n                                    <img decoding=\"async\" class=\"block-image img-fluid\" src=\"https:\/\/medicinafunctionala.ro\/wp-content\/uploads\/2024\/06\/pexels-hikaique-109919-scaled.jpg\"\n                         alt=\"\">\n                            <\/div>\n        <\/div>\n    <\/div>\n    <div class=\"after\" role=\"presentation\"><\/div>\n<\/div>\n","protected":false},"excerpt":{"rendered":"<p>Fiind prima organiza\u0163ie care ofer\u0103 simpozioane de medicin\u0103 func\u0163ional\u0103 \u0219i a mediului \u00een Rom\u00e2nia, ne angaj\u0103m s\u0103 promov\u0103m o abordare holistic\u0103 \u0219i orientat\u0103 spre preven\u0163ie \u00een domeniul s\u0103n\u0103t\u0103\u0163ii. Misiunea noastr\u0103 este s\u0103 educ\u0103m \u0219i s\u0103 inspir\u0103m cadrele medicale s\u0103 adopte o perspectiv\u0103 mai ampl\u0103 asupra s\u0103n\u0103t\u0103\u0163ii \u0219i s\u0103 ofere o \u00eengrijire mai eficient\u0103 \u0219i mai [&hellip;]<\/p>\n","protected":false},"author":1,"featured_media":0,"parent":729,"menu_order":0,"comment_status":"closed","ping_status":"closed","template":"","meta":{"_acf_changed":false,"footnotes":""},"class_list":["post-1819","page","type-page","status-publish","hentry"],"acf":[],"_links":{"self":[{"href":"https:\/\/medicinafunctionala.ro\/en\/wp-json\/wp\/v2\/pages\/1819","targetHints":{"allow":["GET"]}}],"collection":[{"href":"https:\/\/medicinafunctionala.ro\/en\/wp-json\/wp\/v2\/pages"}],"about":[{"href":"https:\/\/medicinafunctionala.ro\/en\/wp-json\/wp\/v2\/types\/page"}],"author":[{"embeddable":true,"href":"https:\/\/medicinafunctionala.ro\/en\/wp-json\/wp\/v2\/users\/1"}],"replies":[{"embeddable":true,"href":"https:\/\/medicinafunctionala.ro\/en\/wp-json\/wp\/v2\/comments?post=1819"}],"version-history":[{"count":10,"href":"https:\/\/medicinafunctionala.ro\/en\/wp-json\/wp\/v2\/pages\/1819\/revisions"}],"predecessor-version":[{"id":2119,"href":"https:\/\/medicinafunctionala.ro\/en\/wp-json\/wp\/v2\/pages\/1819\/revisions\/2119"}],"up":[{"embeddable":true,"href":"https:\/\/medicinafunctionala.ro\/en\/wp-json\/wp\/v2\/pages\/729"}],"wp:attachment":[{"href":"https:\/\/medicinafunctionala.ro\/en\/wp-json\/wp\/v2\/media?parent=1819"}],"curies":[{"name":"wp","href":"https:\/\/api.w.org\/{rel}","templated":true}]}}